{"id":1796,"date":"2017-07-25T07:00:20","date_gmt":"2017-07-25T07:00:20","guid":{"rendered":"http:\/\/rushmore.wpcolorlab.com\/?page_id=4"},"modified":"2026-04-17T12:29:51","modified_gmt":"2026-04-17T15:29:51","slug":"home","status":"publish","type":"page","link":"https:\/\/observatoriolatinoamericano.cl\/","title":{"rendered":"Observatorio"},"content":{"rendered":"<p><section data-kc-fullwidth=\"content\" class=\"kc-elm kc-css-890455 kc_row\"><div class=\"kc-row-container\"><div class=\"kc-wrap-columns\"><div class=\"kc-elm kc-css-426026 kc_col-sm-12 kc_column kc_col-sm-12\"><div class=\"kc-col-container\"><div class=\"sabbi-site-head\"><div class=\"sabbi-site-header-meta kc-elm kc-css-953046\" >\n            <div class=\"site-hmsl-content text-center pt_60\">\n                <div class=\"seq seq--kawsa\" id=\"sequence\" data-slideautoPlay=\"true\" data-slideautoPlayInterval=\"5000\">\n                    <div class=\"seq-screen\">\n                        <ul class=\"seq-canvas\"><li class=\"seq-step1\" id=\"step1\" style=\"background-image:url(https:\/\/observatoriolatinoamericano.cl\/wp-content\/uploads\/2025\/12\/DSCF6127.jpg)\">\n                                <div class=\"bg-blend\"><\/div>\n                                <div class=\"seq-content\" ><h2 class=\"seq-title tt_up\" data-seq=\"\">PUCV se adjudic\u00f3 un FIU Frontera y la \u00fanica no estatal<\/h2><div class=\"seq-meta\" data-seq=\"\">\n                                            <p class=\"seq-meta-text\">La Pontificia Universidad Cat\u00f3lica de Valpara\u00edso fue una de las cuatro instituciones seleccionadas a nivel nacional en el Programa de Financiamiento Estructural I+D+i Universitario \u2013 FIU Frontera, adjudic\u00e1ndose recursos por m\u00e1s de $10.389 millones.<\/p>\n                                        <\/div><a href=\"https:\/\/pucv.cl\/pucv\/pucv-es-una-de-las-cuatro-universidades-nacionales-que-se-adjudico\" title=\"\" target=\"_self\" class=\"btn-link btn-more\">Ver m\u00e1s<\/a><\/div>\n                            <\/li><li class=\"seq-step1\" id=\"step2\" style=\"background-image:url(https:\/\/observatoriolatinoamericano.cl\/wp-content\/uploads\/2025\/11\/Libro_Red_Inv_TS_14_11_2025_PUCV10-copia-scaled.jpg)\">\n                                <div class=\"bg-blend\"><\/div>\n                                <div class=\"seq-content\" ><div class=\"seq-meta\" data-seq=\"\">\n                                            <p class=\"seq-meta-text\">Gran presentaci\u00f3n del libro \u201c100 a\u00f1os de Trabajo Social en Chile: Tejiendo saberes para transformar futuros\u201d<\/p>\n                                        <\/div><a href=\"https:\/\/observatoriolatinoamericano.cl\/index.php\/2025\/11\/17\/presentacion-del-libro\/\" title=\"Presentaci\u00f3n del libro \u201c100 a\u00f1os de Trabajo Social en Chile: Tejiendo saberes para transformar futuros\u201d\" target=\"_self\" class=\"btn-link btn-more\">Ver m\u00e1s<\/a><\/div>\n                            <\/li><li class=\"seq-step1\" id=\"step3\" style=\"background-image:url(https:\/\/observatoriolatinoamericano.cl\/wp-content\/uploads\/2025\/08\/banner_equipo_nucleo_proyecto-1.png)\">\n                                <div class=\"bg-blend\"><\/div>\n                                <div class=\"seq-content\" ><h2 class=\"seq-title tt_up\" data-seq=\"\">N\u00daCLEO SEMILLA<\/h2><a href=\"https:\/\/observatoriolatinoamericano.cl\/index.php\/presencia-destacada-de-la-pucv-en-evento-internacional-sobre-pandemia-participacion-del-nucleo-semilla-y-equipo-academico-en-dialogo-internacional-brasil-francia-chile\/\" title=\"Presencia destacada de la PUCV en evento internacional sobre pandemia: participaci\u00f3n del N\u00facleo Semilla y equipo acad\u00e9mico en di\u00e1logo internacional Brasil\u2013Francia\u2013Chile\" target=\"_blank\" class=\"btn-link btn-more\">Ver m\u00e1s<\/a><\/div>\n                            <\/li><li class=\"seq-step1\" id=\"step4\" style=\"background-image:url(https:\/\/observatoriolatinoamericano.cl\/wp-content\/uploads\/2025\/04\/\u00bfComo-afecta-el-futuro-incierto-al-bienestar-estudiantil-universitario13.png)\">\n                                <div class=\"bg-blend\"><\/div>\n                                <div class=\"seq-content\" ><h2 class=\"seq-title tt_up\" data-seq=\"\">N\u00facleo de Investigaci\u00f3n<\/h2><a href=\"https:\/\/observatoriolatinoamericano.cl\/index.php\/nucleo-de-investigacion\/\" title=\"N\u00facleo de Investigaci\u00f3n\" target=\"_self\" class=\"btn-link btn-more\">Ver m\u00e1s<\/a><\/div>\n                            <\/li><li class=\"seq-step1\" id=\"step5\" style=\"background-image:url(https:\/\/observatoriolatinoamericano.cl\/wp-content\/uploads\/2025\/04\/\u00bfComo-afecta-el-futuro-incierto-al-bienestar-estudiantil-universitario14.png)\">\n                                <div class=\"bg-blend\"><\/div>\n                                <div class=\"seq-content\" ><h2 class=\"seq-title tt_up\" data-seq=\"\">Proyectos N\u00facleo de Investigaci\u00f3n<\/h2><a href=\"https:\/\/observatoriolatinoamericano.cl\/index.php\/proyectos-nucleo\/\" title=\"\" target=\"_self\" class=\"btn-link btn-more\">Ver m\u00e1s<\/a><\/div>\n                            <\/li><li class=\"seq-step1\" id=\"step6\" style=\"background-image:url(https:\/\/observatoriolatinoamericano.cl\/wp-content\/uploads\/2025\/04\/banner_postdoctoral_fondecyt-1.png)\">\n                                <div class=\"bg-blend\"><\/div>\n                                <div class=\"seq-content\" ><h2 class=\"seq-title tt_up\" data-seq=\"\">Pasant\u00eda Posdoctoral<\/h2><div class=\"seq-meta\" data-seq=\"\">\n                                            <p class=\"seq-meta-text\">Dr. Nicol\u00e1s Contreras Barraza en N\u00facleo de Investigaci\u00f3n Sobre las Profesiones en las Sociedades Contempor\u00e1neas<\/p>\n                                        <\/div><a href=\"https:\/\/observatoriolatinoamericano.cl\/index.php\/nucleo_equipo\/dr-nicolas-contreras-barraza\/\" title=\"M\u00e1s Informaci\u00f3n\" target=\"_blank\" class=\"btn-link btn-more\"><\/a><\/div>\n                            <\/li><\/ul>\n                        <div class=\"sec-navigate-wrap pos-y_center\">\n                            <button type=\"button\" class=\"seq-next\"><\/button>\n                            <button type=\"button\" class=\"seq-prev\"><\/button>\n                        <\/div>\n                    <\/div>\n                <\/div>\n            <\/div>\n        <\/div>\n        <\/div><div class=\"kc-elm kc-css-454536 kc_row kc_row_inner\"><div class=\"kc-elm kc-css-281737 kc_col-sm-12 kc_column_inner kc_col-sm-12\"><div class=\"kc_wrapper kc-col-inner-container\">\n<div class=\"kc-elm kc-css-56900 kc-blog-posts kc-blog-posts-3 kc-blog-grid kc_blog_masonry kc-image-align-both\">\n\t\n\t\t\n\t\t\t\t<div class=\"post-grid grid-3\">\n\t\t\t\t\t<div class=\"kc-list-item-3\">\n\t\t\t\t\t\t\t\t\t\t\t\t\t<a href=\"https:\/\/observatoriolatinoamericano.cl\/index.php\/2026\/04\/09\/equipo-de-nucleo-participa-en-primer-congreso-chileno-de-estudios-del-trabajo-los-nuevos-escenarios-del-trabajo-en-america-latina-pre-alas-2026-valdivia-chile\/\" class=\"entry-thumb-link\">\n\t\t\t\t\t\t\t\t<div class=\"entry-thumb-wrapper\">\n\t\t\t\t\t\t\t\t\t<img src=\"https:\/\/observatoriolatinoamericano.cl\/wp-content\/uploads\/2026\/04\/Congreso-ACET-585x820-1-214x300.jpeg\"\n\t\t\t\t\t\t\t\t\t     alt=\"Equipo de N\u00facleo participa en Primer Congreso Chileno de Estudios del Trabajo: Los nuevos escenarios del trabajo en Am\u00e9rica Latina. Pre-Alas, 2026, Valdivia, Chile\"\/>\n\t\t\t\t\t\t\t\t\t<div class=\"entry-thumb-overlay\"><\/div>\n\t\t\t\t\t\t\t\t<\/div>\n\t\t\t\t\t\t\t<\/a>\n\t\t\t\t\t\t\t\t\t\t\t\t<div class=\"content\">\n\t\t\t\t\t\t\t<h2 class=\"post-title-alt\"><a\n\t\t\t\t\t\t\t\thref=\"https:\/\/observatoriolatinoamericano.cl\/index.php\/2026\/04\/09\/equipo-de-nucleo-participa-en-primer-congreso-chileno-de-estudios-del-trabajo-los-nuevos-escenarios-del-trabajo-en-america-latina-pre-alas-2026-valdivia-chile\/\">Equipo de N\u00facleo participa en Primer Congreso Chileno de Estudios del Trabajo: Los nuevos escenarios del trabajo en Am\u00e9rica Latina. Pre-Alas, 2026, Valdivia, Chile<\/a>\n\t\t\t\t\t\t\t<\/h2>\n\t\t\t\t\t\t\t\t\t\t\t\t\t\t\t<div class=\"entry-meta\">\n\t\t\t\t\t\t\t\t\t\t\t\t\t\t\t\t\t\t\t\t\t\t\t\t\t\t\t<span class=\"entry-date\"><a\n\t\t\t\t\t\t\t\t\t\t\thref=\"https:\/\/observatoriolatinoamericano.cl\/index.php\/2026\/04\/09\/equipo-de-nucleo-participa-en-primer-congreso-chileno-de-estudios-del-trabajo-los-nuevos-escenarios-del-trabajo-en-america-latina-pre-alas-2026-valdivia-chile\/\">Abril 09, 2026<\/a><\/span>\n\t\t\t\t\t\t\t\t\t\t\t\t\t\t\t\t\t\t\t\t\t\t\t\t\t\t\t\t\t\t\t\t\t\t\t\t\t\t\t<span class=\"entry-cats\"><a href=\"https:\/\/observatoriolatinoamericano.cl\/index.php\/category\/noticia_fondecyt_regular_1241012\/\" rel=\"category tag\">Noticia_Fondecyt_Regular_1241012<\/a>, <a href=\"https:\/\/observatoriolatinoamericano.cl\/index.php\/category\/noticias\/\" rel=\"category tag\">Noticias<\/a>, <a href=\"https:\/\/observatoriolatinoamericano.cl\/index.php\/category\/nucleo\/\" rel=\"category tag\">Nucleo<\/a><\/span>\n\t\t\t\t\t\t\t\t\t\t\t\t\t\t\t\t\t\t\t\t\t\t\t\t\t\t\t<\/div>\n\t\t\t\t\t\t\t\t\t\t\t\t\t\t\t\t\t\t\t\t\t\t<div class=\"entry-excerpt\">\n\t\t\t\t\t\t\t\t\t<p>Equipo de N\u00facleo de Investigaci\u00f3n sobre las Profesiones en las Sociedades Contempor\u00e1neas participa con ponencias en el Primer Congreso Chileno&hellip;<\/p>\n\t\t\t\t\t\t\t\t<\/div>\n\t\t\t\t\t\t\t\t\t\t\t\t\t\t<a href=\"https:\/\/observatoriolatinoamericano.cl\/index.php\/2026\/04\/09\/equipo-de-nucleo-participa-en-primer-congreso-chileno-de-estudios-del-trabajo-los-nuevos-escenarios-del-trabajo-en-america-latina-pre-alas-2026-valdivia-chile\/\"\n\t\t\t\t\t\t\t   class=\"kc-post-2-button\">Read more <i\n\t\t\t\t\t\t\t\t\tclass=\"fa fa-angle-right\" aria-hidden=\"true\"><\/i><\/a>\n\t\t\t\t\t\t\t\t\t\t\t\t\t<\/div>\n\t\t\t\t\t<\/div>\n\t\t\t\t<\/div>\n\n\t\t\t\t\n\t\t\t\t<div class=\"post-grid grid-3\">\n\t\t\t\t\t<div class=\"kc-list-item-3\">\n\t\t\t\t\t\t\t\t\t\t\t\t\t<a href=\"https:\/\/observatoriolatinoamericano.cl\/index.php\/2025\/11\/17\/presentacion-del-libro\/\" class=\"entry-thumb-link\">\n\t\t\t\t\t\t\t\t<div class=\"entry-thumb-wrapper\">\n\t\t\t\t\t\t\t\t\t<img src=\"https:\/\/observatoriolatinoamericano.cl\/wp-content\/uploads\/2025\/11\/qr_libro_100_TS-300x197.png\"\n\t\t\t\t\t\t\t\t\t     alt=\"Presentaci\u00f3n del libro \u201c100 a\u00f1os de Trabajo Social en Chile: Tejiendo saberes para transformar futuros\u201d\"\/>\n\t\t\t\t\t\t\t\t\t<div class=\"entry-thumb-overlay\"><\/div>\n\t\t\t\t\t\t\t\t<\/div>\n\t\t\t\t\t\t\t<\/a>\n\t\t\t\t\t\t\t\t\t\t\t\t<div class=\"content\">\n\t\t\t\t\t\t\t<h2 class=\"post-title-alt\"><a\n\t\t\t\t\t\t\t\thref=\"https:\/\/observatoriolatinoamericano.cl\/index.php\/2025\/11\/17\/presentacion-del-libro\/\">Presentaci\u00f3n del libro \u201c100 a\u00f1os de Trabajo Social en Chile: Tejiendo saberes para transformar futuros\u201d<\/a>\n\t\t\t\t\t\t\t<\/h2>\n\t\t\t\t\t\t\t\t\t\t\t\t\t\t\t<div class=\"entry-meta\">\n\t\t\t\t\t\t\t\t\t\t\t\t\t\t\t\t\t\t\t\t\t\t\t\t\t\t\t<span class=\"entry-date\"><a\n\t\t\t\t\t\t\t\t\t\t\thref=\"https:\/\/observatoriolatinoamericano.cl\/index.php\/2025\/11\/17\/presentacion-del-libro\/\">Noviembre 17, 2025<\/a><\/span>\n\t\t\t\t\t\t\t\t\t\t\t\t\t\t\t\t\t\t\t\t\t\t\t\t\t\t\t\t\t\t\t\t\t\t\t\t\t\t\t<span class=\"entry-cats\"><a href=\"https:\/\/observatoriolatinoamericano.cl\/index.php\/category\/noticias\/\" rel=\"category tag\">Noticias<\/a><\/span>\n\t\t\t\t\t\t\t\t\t\t\t\t\t\t\t\t\t\t\t\t\t\t\t\t\t\t\t<\/div>\n\t\t\t\t\t\t\t\t\t\t\t\t\t\t\t\t\t\t\t\t\t\t<div class=\"entry-excerpt\">\n\t\t\t\t\t\t\t\t\t<p>Exitosa Presentaci\u00f3n del Libro de la Red de Investigadores en Trabajo Social\u00a0 \u2013 \u201c100 a\u00f1os de Trabajo Social en Chile:&hellip;<\/p>\n\t\t\t\t\t\t\t\t<\/div>\n\t\t\t\t\t\t\t\t\t\t\t\t\t\t<a href=\"https:\/\/observatoriolatinoamericano.cl\/index.php\/2025\/11\/17\/presentacion-del-libro\/\"\n\t\t\t\t\t\t\t   class=\"kc-post-2-button\">Read more <i\n\t\t\t\t\t\t\t\t\tclass=\"fa fa-angle-right\" aria-hidden=\"true\"><\/i><\/a>\n\t\t\t\t\t\t\t\t\t\t\t\t\t<\/div>\n\t\t\t\t\t<\/div>\n\t\t\t\t<\/div>\n\n\t\t\t\t\n\t\t\t\t<div class=\"post-grid grid-3\">\n\t\t\t\t\t<div class=\"kc-list-item-3\">\n\t\t\t\t\t\t\t\t\t\t\t\t\t<a href=\"https:\/\/observatoriolatinoamericano.cl\/index.php\/2025\/11\/10\/%f0%9f%8e%89-conmemoracion-de-los-100-anos-del-trabajo-social-%f0%9f%8e%93\/\" class=\"entry-thumb-link\">\n\t\t\t\t\t\t\t\t<div class=\"entry-thumb-wrapper\">\n\t\t\t\t\t\t\t\t\t<img src=\"https:\/\/observatoriolatinoamericano.cl\/wp-content\/uploads\/2025\/11\/UCM_11_2025_Sandra-300x300.jpg\"\n\t\t\t\t\t\t\t\t\t     alt=\"\ud83c\udf89 Conmemoraci\u00f3n de los 100 a\u00f1os del Trabajo Social \ud83c\udf93\"\/>\n\t\t\t\t\t\t\t\t\t<div class=\"entry-thumb-overlay\"><\/div>\n\t\t\t\t\t\t\t\t<\/div>\n\t\t\t\t\t\t\t<\/a>\n\t\t\t\t\t\t\t\t\t\t\t\t<div class=\"content\">\n\t\t\t\t\t\t\t<h2 class=\"post-title-alt\"><a\n\t\t\t\t\t\t\t\thref=\"https:\/\/observatoriolatinoamericano.cl\/index.php\/2025\/11\/10\/%f0%9f%8e%89-conmemoracion-de-los-100-anos-del-trabajo-social-%f0%9f%8e%93\/\">\ud83c\udf89 Conmemoraci\u00f3n de los 100 a\u00f1os del Trabajo Social \ud83c\udf93<\/a>\n\t\t\t\t\t\t\t<\/h2>\n\t\t\t\t\t\t\t\t\t\t\t\t\t\t\t<div class=\"entry-meta\">\n\t\t\t\t\t\t\t\t\t\t\t\t\t\t\t\t\t\t\t\t\t\t\t\t\t\t\t<span class=\"entry-date\"><a\n\t\t\t\t\t\t\t\t\t\t\thref=\"https:\/\/observatoriolatinoamericano.cl\/index.php\/2025\/11\/10\/%f0%9f%8e%89-conmemoracion-de-los-100-anos-del-trabajo-social-%f0%9f%8e%93\/\">Noviembre 10, 2025<\/a><\/span>\n\t\t\t\t\t\t\t\t\t\t\t\t\t\t\t\t\t\t\t\t\t\t\t\t\t\t\t\t\t\t\t\t\t\t\t\t\t\t\t<span class=\"entry-cats\"><a href=\"https:\/\/observatoriolatinoamericano.cl\/index.php\/category\/noticias\/\" rel=\"category tag\">Noticias<\/a><\/span>\n\t\t\t\t\t\t\t\t\t\t\t\t\t\t\t\t\t\t\t\t\t\t\t\t\t\t\t<\/div>\n\t\t\t\t\t\t\t\t\t\t\t\t\t\t\t\t\t\t\t\t\t\t<div class=\"entry-excerpt\">\n\t\t\t\t\t\t\t\t\t<p>Conmemoraci\u00f3n de los 100 a\u00f1os del Trabajo Social La Universidad Cat\u00f3lica del Maule invita a participar en la jornada\u201cUniendo saberes:&hellip;<\/p>\n\t\t\t\t\t\t\t\t<\/div>\n\t\t\t\t\t\t\t\t\t\t\t\t\t\t<a href=\"https:\/\/observatoriolatinoamericano.cl\/index.php\/2025\/11\/10\/%f0%9f%8e%89-conmemoracion-de-los-100-anos-del-trabajo-social-%f0%9f%8e%93\/\"\n\t\t\t\t\t\t\t   class=\"kc-post-2-button\">Read more <i\n\t\t\t\t\t\t\t\t\tclass=\"fa fa-angle-right\" aria-hidden=\"true\"><\/i><\/a>\n\t\t\t\t\t\t\t\t\t\t\t\t\t<\/div>\n\t\t\t\t\t<\/div>\n\t\t\t\t<\/div>\n\n\t\t\t\t\n\t\n<\/div>\n<\/div><\/div><\/div><div class=\"kc-elm kc-css-701012 kc_text_block\"><\/p>\n<h2 style=\"text-align: center;\">Noticias<\/h2>\n<div><\/div>\n<p>\n<\/div><\/div><\/div><\/div><\/div><\/section><section id=\"PRENSA\" class=\"kc-elm kc-css-441946 kc_row\"><div class=\"kc-row-container  kc-container\"><div class=\"kc-wrap-columns\"><div class=\"kc-elm kc-css-290267 kc_col-sm-3 kc_column kc_col-sm-3\"><div class=\"kc-col-container\"><div class=\"kc-elm kc-css-890818 kc_shortcode kc_single_image\">\n\n        <a  href=\"https:\/\/observatoriolatinoamericano.cl\/index.php\/presencia-destacada-de-la-pucv-en-evento-internacional-sobre-pandemia-participacion-del-nucleo-semilla-y-equipo-academico-en-dialogo-internacional-brasil-francia-chile\/\" title=\"\" target=\"_self\">\n        <img src=\"https:\/\/observatoriolatinoamericano.cl\/wp-content\/uploads\/2025\/05\/Captura-de-pantalla-2025-05-27-162716-268x300.png\" class=\"\" alt=\"\" \/>    <\/a>\n    <\/div>\n<\/div><\/div><div class=\"kc-elm kc-css-562547 kc_col-sm-3 kc_column kc_col-sm-3\"><div class=\"kc-col-container\"><div class=\"kc-elm kc-css-277046 kc_shortcode kc_single_image\">\n\n        <a  href=\"https:\/\/pucv.cl\/pucv\/noticias\/vida-universitaria\/libros-analizan-los-cambios-producidos-en-las-profesiones-y-la-docencia\" title=\"Libros analizan los cambios producidos en las profesiones y la docencia post pandemia\" target=\"_self\">\n        <img src=\"https:\/\/observatoriolatinoamericano.cl\/wp-content\/uploads\/2024\/03\/Captura-desde-2024-03-19-10-58-36.png\" class=\"\" alt=\"\" \/>    <\/a>\n    <\/div>\n<\/div><\/div><div class=\"kc-elm kc-css-499356 kc_col-sm-3 kc_column kc_col-sm-3\"><div class=\"kc-col-container\"><div class=\"kc-elm kc-css-386123 kc_shortcode kc_single_image\">\n\n        <a  href=\"https:\/\/observatoriolatinoamericano.cl\/wp-content\/uploads\/2022\/03\/prensa_18_03_2022.jpg\" title=\"\" target=\"\">\n        <img src=\"https:\/\/observatoriolatinoamericano.cl\/wp-content\/uploads\/2022\/03\/prensa_18_03_2022.jpg\" class=\"\" alt=\"\" \/>    <\/a>\n    <\/div>\n<\/div><\/div><div class=\"kc-elm kc-css-909151 kc_col-sm-3 kc_column kc_col-sm-3\"><div class=\"kc-col-container\"><div class=\"kc-elm kc-css-185458 kc_shortcode kc_single_image\">\n\n        <a  href=\"https:\/\/www.observatoriolatinoamericano.cl\/wp-content\/uploads\/2022\/P\u00e1gina 3 _ El Mercurio de Valpara\u00edso - 21.05.2022 montemar.pdf\" title=\"\u00bfD\u00f3nde acudir en caso de violencias de g\u00e9nero en pandemia? Gu\u00eda de informaci\u00f3n Valpara\u00edso y Vi\u00f1a del Mar:quot:\" target=\"_self\">\n        <img src=\"https:\/\/observatoriolatinoamericano.cl\/wp-content\/uploads\/2022\/05\/Volver_a_encontrarnos.png\" class=\"\" alt=\"\" \/>    <\/a>\n    <\/div>\n<\/div><\/div><\/div><\/div><\/section><section class=\"kc-elm kc-css-337769 kc_row\"><div class=\"kc-row-container  kc-container\"><div class=\"kc-wrap-columns\"><div class=\"kc-elm kc-css-726137 kc_col-sm-3 kc_column kc_col-sm-3\"><div class=\"kc-col-container\"> <article class=\"sabbi-thumlinepost-card solitude-bg__x kc-elm kc-css-938120\">\n                    <h2 class=\"entry-title ht-4\">Acerca del Observatorio<\/h2>\n                    <div class=\"sabbi-thumlinepost-card-meta\">\n                        <\/p>\n<h6>El <em>OBSERVATORIO LATINOAMERICANO PARA EL PRESENTE Y FUTURO DE LAS PROFESIONES,<\/em> es una instancia acad\u00e9mica, sin fines de lucro, derivada de la investigaci\u00f3n sobre subjetividades con que profesionales del campo de la intervenci\u00f3n social, experiencian su ejercicio laboral, financiada por el Programa Fondecyt, de la Comisi\u00f3n de Investigaci\u00f3n Ciencia y Tecnolog\u00eda (CONICYT) de Chile.<\/h6>\n<p>\n\n                        <a href=\"https:\/\/www.observatoriolatinoamericano.cl\/index.php\/observatorio\/\" title=\"Investigaci\u00f3n\" target=\"_self\" class=\"btn btn-unsolemn btn-action read-more\">Leer m\u00e1s<\/a>\n                    <\/div>\n                <\/article><\/div><\/div><div class=\"kc-elm kc-css-803878 kc_col-sm-3 kc_column kc_col-sm-3\"><div class=\"kc-col-container\"><article class=\"news-card sabbi-thumlinepost-card solitude-bg__x kc-elm kc-css-202421\"><h2 class=\"stage-title\">Eventos<\/h2><ul class=\"list-unstyled lst_news_list\" tabindex=\"0\"><li class=\"lst_news_item\">\n                        <h3 class=\"title mg_0\"><a href=\"https:\/\/observatoriolatinoamericano.cl\/index.php\/evento_observatorio\/xxiv-seminario-de-alaeits-chile-2025-pre-seminario-del-cono-sur\/\">XXIV Seminario de ALAEITS Chile 2025 Pre-Seminario del Cono Sur<\/a><\/h3>\n                        <div>\n                            <span class=\"date\">16 Jun 2025<\/span>\n                        <\/div>\n                    <\/li><li class=\"lst_news_item\">\n                        <h3 class=\"title mg_0\"><a href=\"https:\/\/observatoriolatinoamericano.cl\/index.php\/evento_observatorio\/4a-edicao-dos-dialogos-sobre-covid-19-divulga-programacao-evento-ocorre-entre-os-dias-21-e-23-de-maio\/\">Evento Internacional UFPI-Brasil<\/a><\/h3>\n                        <div>\n                            <span class=\"date\">23 May 2025<\/span>\n                        <\/div>\n                    <\/li><\/ul><a href=\"https:\/\/observatoriolatinoamericano.cl\/index.php\/event\/\" title=\"LAN\u00c7AMENTO DA COLET\u00c2NEA Aten\u00e7\u00e3o \u00e0 sa\u00fade em tempo de pandemia da Covid-19: contextos nacionais e internacionais\" target=\"_self\" class=\"btn btn-unsolemn btn-action read-more\">Leer m\u00e1s<\/a><\/article><\/div><\/div><div class=\"kc-elm kc-css-78707 kc_col-sm-3 kc_column kc_col-sm-3\"><div class=\"kc-col-container\"><div class=\"kc-elm kc-css-388910 kc_text_block\"><\/p>\n<h4 style=\"text-align: center;\"><a href=\"https:\/\/rileditores.com\/producto\/esbozos-de-una-sociedad-posprofesional-experiencias-subjetividades-y-quehaceres-en-movimiento-reflexiones-en-tiempos-de-covid-19\/\" target=\"_blank\" rel=\"noopener\"><strong><img src=\"https:\/\/observatoriolatinoamericano.cl\/wp-content\/uploads\/2024\/04\/9789560115621-Iturrieta-Sandra-2023-Esbozos-de-una-sociedad-1-scaled-1.jpg\" \/><\/strong><\/a><\/h4>\n<p>\n<\/div><\/div><\/div><div class=\"kc-elm kc-css-467143 kc_col-sm-3 kc_column kc_col-sm-3\"><div class=\"kc-col-container\"><div class=\"kc-elm kc-css-397078 kc-raw-code\"><iframe width=\"560\" height=\"315\" src=\"https:\/\/www.youtube.com\/embed\/ghY6Z2-rdUU?si=dE8jPsNmFz9EA07T\" title=\"YouTube video player\" frameborder=\"0\" allow=\"accelerometer; autoplay; clipboard-write; encrypted-media; gyroscope; picture-in-picture; web-share\" referrerpolicy=\"strict-origin-when-cross-origin\" allowfullscreen><\/iframe><\/div><\/div><\/div><\/div><\/div><\/section><section data-kc-parallax=\"true\" class=\"kc-elm kc-css-665270 kc_row\" style=\"background-image:url(&#039;https:\/\/observatoriolatinoamericano.cl\/wp-content\/uploads\/2021\/06\/seminario_jun_nucleo_obs_01-2.png&#039;);\"><div class=\"kc-row-container  kc-container\"><div class=\"kc-wrap-columns\"><div class=\"kc-elm kc-css-972212 kc_col-sm-4 kc_column kc_col-sm-4\"><div class=\"kc-col-container\"> <div class=\"brand_quickfact-content text-center kc-elm kc-css-918806\">\n                    <div class=\"brand_quickfact-count_value\">12<\/div>\n                    <div class=\"brand_quickfact-label\">Libros<\/div>\n                <\/div><\/div><\/div><div class=\"kc-elm kc-css-636073 kc_col-sm-4 kc_column kc_col-sm-4\"><div class=\"kc-col-container\"> <div class=\"brand_quickfact-content text-center kc-elm kc-css-110232\">\n                    <div class=\"brand_quickfact-count_value\">6<\/div>\n                    <div class=\"brand_quickfact-label\">Proyectos<\/div>\n                <\/div><\/div><\/div><div class=\"kc-elm kc-css-635800 kc_col-sm-4 kc_column kc_col-sm-4\"><div class=\"kc-col-container\"> <div class=\"brand_quickfact-content text-center kc-elm kc-css-685925\">\n                    <div class=\"brand_quickfact-count_value\">21<\/div>\n                    <div class=\"brand_quickfact-label\">Personas que investigan vinculadas<\/div>\n                <\/div><\/div><\/div><\/div><\/div><\/section><section class=\"kc-elm kc-css-217579 kc_row\"><div class=\"kc-row-container  kc-container\"><div class=\"kc-wrap-columns\"><div class=\"kc-elm kc-css-357230 kc_col-sm-4 kc_column kc_col-sm-4\"><div class=\"kc-col-container\">\n<div class=\"kc-elm kc-css-613406 kc-title-wrap \">\n\n\t<h2 class=\"kc_title\">Acerca de las publicaciones<\/h2>\n<\/div>\n<div class=\"kc-elm kc-css-140107 kc_text_block\"><\/p>\n<p style=\"margin-top: 0.18cm; margin-bottom: 0.18cm; line-height: 100%;\" align=\"JUSTIFY\"><span style=\"font-family: Times New Roman, serif;\"><span style=\"font-size: medium;\">El <\/span><\/span><span style=\"font-family: Times New Roman, serif;\"><span style=\"font-size: medium;\"><i>OBSERVATORIO<br \/>LATINOAMERICANO PARA EL PRESENTE Y FUTURO DE LAS PROFESIONES<\/i><\/span><\/span><\/p>\n<p>\n<\/div><a href=\"https:\/\/www.observatoriolatinoamericano.cl\/index.php\/nucleo-home\/\" title=\"Observatorio Latinoamericano\" target=\"_blank\" class=\"btn btn-unsolemn btn-action read-more kc-elm kc-css-996901\">Ver todas las publicaciones<\/a><\/div><\/div><div class=\"kc-elm kc-css-716382 kc_col-sm-8 kc_column kc_col-sm-8\"><div class=\"kc-col-container\"><\/div><\/div><\/div><\/div><\/section><section class=\"kc-elm kc-css-974078 kc_row\"><div class=\"kc-row-container  kc-container\"><div class=\"kc-wrap-columns\"><div class=\"kc-elm kc-css-130013 kc_col-sm-4 kc_column kc_col-sm-4\"><div class=\"kc-col-container\"><\/div><\/div><div class=\"kc-elm kc-css-923632 kc_col-sm-8 kc_column kc_col-sm-8\"><div class=\"kc-col-container\"><\/div><\/div><\/div><\/div><\/section><section class=\"kc-elm kc-css-230526 kc_row team-row\"><div class=\"kc-row-container  kc-container\"><div class=\"kc-wrap-columns\"><div class=\"kc-elm kc-css-815110 kc_col-sm-12 kc_column kc_col-sm-12\"><div class=\"kc-col-container\"><div class=\"kc-elm kc-css-461867 kc_shortcode kc_single_image\">\n\n        <img src=\"https:\/\/observatoriolatinoamericano.cl\/wp-content\/uploads\/2021\/07\/equipo_fundador_titulo_fondo.jpg\" class=\"\" alt=\"\" \/>    <\/div>\n<div class=\"kc-elm kc-css-968925\" style=\"height: 20px; clear: both; width:100%;\"><\/div><div class=\"col-sm-6 col-md-6\">\n                    <div class=\"profile-card profile-card-meta_classic kc-elm kc-css-939885\">\n                        <figure>\n                             <img width=\"300\" height=\"269\" src=\"https:\/\/observatoriolatinoamericano.cl\/wp-content\/uploads\/2017\/07\/Sandra_iturrieta-300x269.png\" class=\"img-responsive\" alt=\"\" loading=\"lazy\" srcset=\"https:\/\/observatoriolatinoamericano.cl\/wp-content\/uploads\/2017\/07\/Sandra_iturrieta-300x269.png 300w, https:\/\/observatoriolatinoamericano.cl\/wp-content\/uploads\/2017\/07\/Sandra_iturrieta-1024x919.png 1024w, https:\/\/observatoriolatinoamericano.cl\/wp-content\/uploads\/2017\/07\/Sandra_iturrieta-768x689.png 768w, https:\/\/observatoriolatinoamericano.cl\/wp-content\/uploads\/2017\/07\/Sandra_iturrieta.png 1133w\" sizes=\"(max-width: 300px) 100vw, 300px\" \/>\n                            <figcaption><a href=\"https:\/\/observatoriolatinoamericano.cl\/index.php\/nucleo_equipo\/sandra-iturrieta-olivares\/\"><h3 class=\"fig-title\">Dra. Sandra Iturrieta Olivares<\/h3><\/a><div class=\"fig-title-des\">Director of the Research Nucleus (N\u00facleo de Investigaci\u00f3n) and researcher at the Pontificia Universidad Cat\u00f3lica de Valpara\u00edso. Postdoctoral researcher in the Studies of Ideas Program (IDEA, Universidad de Santiago de Chile). PhD in Social Sciences, Universidad de Granada, and Master's in the Analysis of Social Problems in Advanced Societies, Universidad de Granada.\r\n\r\nAreas of expertise: Sociology of Professions \u2013 Future of Professional Work \u2013 Cultural Studies \u2013 Epistemology and Social Theory<\/div><div class=\"fig-meta\"><p class=\"fig-mail\"><strong>Email:<\/strong> <span>sandra.iturrieta@pucv.cl<\/span><\/p><\/div>\n                            <\/figcaption>\n                        <\/figure><\/div>\n                <\/div><div class=\"col-sm-6 col-md-6\">\n                    <div class=\"profile-card profile-card-meta_classic kc-elm kc-css-939885\">\n                        <figure>\n                             <img width=\"264\" height=\"247\" src=\"https:\/\/observatoriolatinoamericano.cl\/wp-content\/uploads\/2021\/06\/foto_equipo_nucleo_CLEMENT_COLIN-1.png\" class=\"img-responsive\" alt=\"\" loading=\"lazy\" \/>\n                            <figcaption><a href=\"https:\/\/observatoriolatinoamericano.cl\/index.php\/nucleo_equipo\/clement-colin\/\"><h3 class=\"fig-title\">Dr. Cl\u00e9ment Colin<\/h3><\/a><div class=\"fig-title-des\">Investigador PUCV. Postdoctorado en el Centro de Desarrollo Urbano Sustentable (CEDEUS) - FONDAP N\u00b015110020, Pontificia Universidad Cat\u00f3lica de Chile, Facultad de Arquitectura, Dise\u00f1o y Estudios Urbanos. Doctor en Geograf\u00eda Humana por la Universit\u00e9 Paris-Est, Francia. Mag\u00edster en Urbanismo y Ordenamiento del Espacio por la Universit\u00e9 Paris-Est Marne-la-Vall\u00e9e, Francia. Licenciado en Ciencias Humanas y Sociales, menci\u00f3n Estudios Urbanos, por el Instituto Franc\u00e9s de Urbanismo, Universit\u00e9 Paris 8, Francia.\r\n\r\n\u00c1reas de enfoque: Geograf\u00eda de las emociones \u2013 Estudios culturales \u2013 Interrelaci\u00f3n entre emociones, espacialidades y temporalidades.<\/div><div class=\"fig-meta\"><p class=\"fig-mail\"><strong>Email:<\/strong> <span>clement.colin@pucv.cl<\/span><\/p><\/div>\n                            <\/figcaption>\n                        <\/figure><\/div>\n                <\/div><div class=\"team-clearfix\"><\/div><div class=\"action-wrap text-right-sm kc-elm kc-css-939885\"><a href=\"https:\/\/www.observatoriolatinoamericano.cl\/index.php\/nucleo-de-investigacion\/\" title=\"Equipo de Investigaci\u00f3n N\u00facleo\" target=\"_blank\" class=\"btn btn-unsolemn btn-action\">M\u00e1s informaci\u00f3n<\/a><\/div><\/div><\/div><\/div><\/div><\/section><section class=\"kc-elm kc-css-338878 kc_row\"><div class=\"kc-row-container  kc-container\"><div class=\"kc-wrap-columns\"><div class=\"kc-elm kc-css-960792 kc_col-sm-12 kc_column kc_col-sm-12\"><div class=\"kc-col-container\"><div class=\"kc-elm kc-css-677929 kc_google_maps kc_shortcode\"><div style=\"height: 350px\" class=\"kc-google-maps\"><iframe src=\"https:\/\/www.google.com\/maps\/embed?pb=!1m18!1m12!1m3!1d1913.4853607884172!2d-71.60640657913108!3d-33.04526070585278!2m3!1f0!2f0!3f0!3m2!1i1024!2i768!4f13.1!3m3!1m2!1s0x9689e09fcb9a20ed%3A0x2fc6c888d7a2a712!2sPontificia%20Universidad%20Cat%C3%B3lica%20de%20Valpara%C3%ADso!5e0!3m2!1ses-419!2scl!4v1625332978214!5m2!1ses-419!2scl\" width=\"100%\" height=\"350\" style=\"border:0;\" allowfullscreen=\"\" loading=\"lazy\"><\/iframe><\/div><\/div><\/div><\/div><\/div><\/div><\/section><section class=\"kc-elm kc-css-891446 kc_row\"><div class=\"kc-row-container  kc-container\"><div class=\"kc-wrap-columns\"><div class=\"kc-elm kc-css-413339 kc_column kc_col-sm-12\"><div class=\"kc-col-container\"><\/div><\/div><\/div><\/div><\/section><section class=\"kc-elm kc-css-61420 kc_row\"><div class=\"kc-row-container  kc-container\"><div class=\"kc-wrap-columns\"><div class=\"kc-elm kc-css-979338 kc_col-sm-12 kc_column kc_col-sm-12\"><div class=\"kc-col-container\"><\/div><\/div><\/div><\/div><\/section><\/p>\n","protected":false},"excerpt":{"rendered":"","protected":false},"author":1,"featured_media":3721,"parent":0,"menu_order":0,"comment_status":"closed","ping_status":"closed","template":"","meta":[],"_links":{"self":[{"href":"https:\/\/observatoriolatinoamericano.cl\/index.php\/wp-json\/wp\/v2\/pages\/1796"}],"collection":[{"href":"https:\/\/observatoriolatinoamericano.cl\/index.php\/wp-json\/wp\/v2\/pages"}],"about":[{"href":"https:\/\/observatoriolatinoamericano.cl\/index.php\/wp-json\/wp\/v2\/types\/page"}],"author":[{"embeddable":true,"href":"https:\/\/observatoriolatinoamericano.cl\/index.php\/wp-json\/wp\/v2\/users\/1"}],"replies":[{"embeddable":true,"href":"https:\/\/observatoriolatinoamericano.cl\/index.php\/wp-json\/wp\/v2\/comments?post=1796"}],"version-history":[{"count":536,"href":"https:\/\/observatoriolatinoamericano.cl\/index.php\/wp-json\/wp\/v2\/pages\/1796\/revisions"}],"predecessor-version":[{"id":4812,"href":"https:\/\/observatoriolatinoamericano.cl\/index.php\/wp-json\/wp\/v2\/pages\/1796\/revisions\/4812"}],"wp:featuredmedia":[{"embeddable":true,"href":"https:\/\/observatoriolatinoamericano.cl\/index.php\/wp-json\/wp\/v2\/media\/3721"}],"wp:attachment":[{"href":"https:\/\/observatoriolatinoamericano.cl\/index.php\/wp-json\/wp\/v2\/media?parent=1796"}],"curies":[{"name":"wp","href":"https:\/\/api.w.org\/{rel}","templated":true}]}}